{"id":1700,"date":"2022-02-02T07:18:08","date_gmt":"2022-02-02T07:18:08","guid":{"rendered":"https:\/\/sandboox.assumptafontseca.cat\/receptes\/calamares-con-cebolla-y-arroz\/"},"modified":"2022-02-18T08:38:38","modified_gmt":"2022-02-18T08:38:38","slug":"calamares-con-cebolla-y-arroz","status":"publish","type":"product","link":"https:\/\/sandboox.assumptafontseca.cat\/es\/recetas\/del-mar\/calamares-con-cebolla-y-arroz\/","title":{"rendered":"Calamares con cebolla y arroz"},"content":{"rendered":"<p>Con los mejores calamares de la lonja, acompa\u00f1ados de cebolla y arroz, elaboramos un plato equilibrado y sabroso en formato de una raci\u00f3n. La elecci\u00f3n perfecta para disfrutar del mejor sabor del mediterr\u00e1neo, donde t\u00fa quieras.<\/p>\n<p>\u00bfY si combinamos el mar y el huerto? \u00a1No te pierdas nuestros <a href=\"https:\/\/sandboox.assumptafontseca.cat\/es\/recetas\/calamares-con-alcachofas\/\"><strong>calamares con alcachofas<\/strong><\/a>!<\/p>\n","protected":false},"excerpt":{"rendered":"<p>1 raci\u00f3n \/ 300 gr.<\/p>\n","protected":false},"featured_media":1210,"comment_status":"open","ping_status":"closed","template":"","meta":{"_monsterinsights_skip_tracking":false,"_monsterinsights_sitenote_active":false,"_monsterinsights_sitenote_note":"","_monsterinsights_sitenote_category":0},"product_brand":[],"product_cat":[78],"product_tag":[161,166,197,208,212],"class_list":{"0":"post-1700","1":"product","2":"type-product","3":"status-publish","4":"has-post-thumbnail","6":"product_cat-del-mar","7":"product_tag-arroz","8":"product_tag-calamares","9":"product_tag-pescado","10":"product_tag-recetas-de-arroz","11":"product_tag-recetas-de-pescado","13":"first","14":"instock","15":"shipping-taxable","16":"product-type-simple"},"yoast_head":"<!-- This site is optimized with the Yoast SEO plugin v25.0 - https:\/\/yoast.com\/wordpress\/plugins\/seo\/ -->\n<title>Calamares con cebolla y arroz - Assumpta Fontseca<\/title>\n<meta name=\"description\" content=\"Con los mejores calamares de la lonja, acompa\u00f1ados de cebolla y arroz, elaboramos un plato equilibrado y sabroso en formato de una raci\u00f3n.\" \/>\n<meta name=\"robots\" content=\"noindex, follow, max-snippet:-1, max-image-preview:large, max-video-preview:-1\" \/>\n<meta property=\"og:locale\" content=\"es_ES\" \/>\n<meta property=\"og:type\" content=\"article\" \/>\n<meta property=\"og:title\" content=\"Calamares con cebolla y arroz - Assumpta Fontseca\" \/>\n<meta property=\"og:description\" content=\"Con los mejores calamares de la lonja, acompa\u00f1ados de cebolla y arroz, elaboramos un plato equilibrado y sabroso en formato de una raci\u00f3n.\" \/>\n<meta property=\"og:url\" content=\"https:\/\/sandboox.assumptafontseca.cat\/es\/recetas\/del-mar\/calamares-con-cebolla-y-arroz\/\" \/>\n<meta property=\"og:site_name\" content=\"Assumpta Fontseca\" \/>\n<meta property=\"article:modified_time\" content=\"2022-02-18T08:38:38+00:00\" \/>\n<meta property=\"og:image\" content=\"https:\/\/sandboox.assumptafontseca.cat\/wp-content\/uploads\/2022\/02\/calamarcets-amb-ceba.jpg\" \/>\n\t<meta property=\"og:image:width\" content=\"1000\" \/>\n\t<meta property=\"og:image:height\" content=\"1000\" \/>\n\t<meta property=\"og:image:type\" content=\"image\/jpeg\" \/>\n<meta name=\"twitter:card\" content=\"summary_large_image\" \/>\n<meta name=\"twitter:label1\" content=\"Tiempo de lectura\" \/>\n\t<meta name=\"twitter:data1\" content=\"1 minuto\" \/>\n<script type=\"application\/ld+json\" class=\"yoast-schema-graph\">{\"@context\":\"https:\/\/schema.org\",\"@graph\":[{\"@type\":\"WebPage\",\"@id\":\"https:\/\/sandboox.assumptafontseca.cat\/es\/recetas\/del-mar\/calamares-con-cebolla-y-arroz\/\",\"url\":\"https:\/\/sandboox.assumptafontseca.cat\/es\/recetas\/del-mar\/calamares-con-cebolla-y-arroz\/\",\"name\":\"Calamares con cebolla y arroz - Assumpta Fontseca\",\"isPartOf\":{\"@id\":\"https:\/\/sandboox.assumptafontseca.cat\/#website\"},\"primaryImageOfPage\":{\"@id\":\"https:\/\/sandboox.assumptafontseca.cat\/es\/recetas\/del-mar\/calamares-con-cebolla-y-arroz\/#primaryimage\"},\"image\":{\"@id\":\"https:\/\/sandboox.assumptafontseca.cat\/es\/recetas\/del-mar\/calamares-con-cebolla-y-arroz\/#primaryimage\"},\"thumbnailUrl\":\"https:\/\/sandboox.assumptafontseca.cat\/wp-content\/uploads\/2022\/02\/calamarcets-amb-ceba.jpg\",\"datePublished\":\"2022-02-02T07:18:08+00:00\",\"dateModified\":\"2022-02-18T08:38:38+00:00\",\"description\":\"Con los mejores calamares de la lonja, acompa\u00f1ados de cebolla y arroz, elaboramos un plato equilibrado y sabroso en formato de una raci\u00f3n.\",\"breadcrumb\":{\"@id\":\"https:\/\/sandboox.assumptafontseca.cat\/es\/recetas\/del-mar\/calamares-con-cebolla-y-arroz\/#breadcrumb\"},\"inLanguage\":\"es\",\"potentialAction\":[{\"@type\":\"ReadAction\",\"target\":[\"https:\/\/sandboox.assumptafontseca.cat\/es\/recetas\/del-mar\/calamares-con-cebolla-y-arroz\/\"]}]},{\"@type\":\"ImageObject\",\"inLanguage\":\"es\",\"@id\":\"https:\/\/sandboox.assumptafontseca.cat\/es\/recetas\/del-mar\/calamares-con-cebolla-y-arroz\/#primaryimage\",\"url\":\"https:\/\/sandboox.assumptafontseca.cat\/wp-content\/uploads\/2022\/02\/calamarcets-amb-ceba.jpg\",\"contentUrl\":\"https:\/\/sandboox.assumptafontseca.cat\/wp-content\/uploads\/2022\/02\/calamarcets-amb-ceba.jpg\",\"width\":1000,\"height\":1000,\"caption\":\"Calamares con cebolla y arroz\"},{\"@type\":\"BreadcrumbList\",\"@id\":\"https:\/\/sandboox.assumptafontseca.cat\/es\/recetas\/del-mar\/calamares-con-cebolla-y-arroz\/#breadcrumb\",\"itemListElement\":[{\"@type\":\"ListItem\",\"position\":1,\"name\":\"Portada\",\"item\":\"https:\/\/sandboox.assumptafontseca.cat\/\"},{\"@type\":\"ListItem\",\"position\":2,\"name\":\"Productos\",\"item\":\"https:\/\/sandboox.assumptafontseca.cat\/tienda\/\"},{\"@type\":\"ListItem\",\"position\":3,\"name\":\"Del mar\",\"item\":\"https:\/\/sandboox.assumptafontseca.cat\/es\/platos-cocinados\/del-mar\/\"},{\"@type\":\"ListItem\",\"position\":4,\"name\":\"Calamares con cebolla y arroz\"}]},{\"@type\":\"WebSite\",\"@id\":\"https:\/\/sandboox.assumptafontseca.cat\/#website\",\"url\":\"https:\/\/sandboox.assumptafontseca.cat\/\",\"name\":\"Assumpta Fontseca\",\"description\":\"La passi\u00f3 que compartim per la \u201cfeina ben feta\u201d, \u00e9s la millor garantia que cadascun dels nostres plats ser\u00e0 \u00fanic i especial.\",\"potentialAction\":[{\"@type\":\"SearchAction\",\"target\":{\"@type\":\"EntryPoint\",\"urlTemplate\":\"https:\/\/sandboox.assumptafontseca.cat\/?s={search_term_string}\"},\"query-input\":{\"@type\":\"PropertyValueSpecification\",\"valueRequired\":true,\"valueName\":\"search_term_string\"}}],\"inLanguage\":\"es\"}]}<\/script>\n<!-- \/ Yoast SEO plugin. -->","yoast_head_json":{"title":"Calamares con cebolla y arroz - Assumpta Fontseca","description":"Con los mejores calamares de la lonja, acompa\u00f1ados de cebolla y arroz, elaboramos un plato equilibrado y sabroso en formato de una raci\u00f3n.","robots":{"index":"noindex","follow":"follow","max-snippet":"max-snippet:-1","max-image-preview":"max-image-preview:large","max-video-preview":"max-video-preview:-1"},"og_locale":"es_ES","og_type":"article","og_title":"Calamares con cebolla y arroz - Assumpta Fontseca","og_description":"Con los mejores calamares de la lonja, acompa\u00f1ados de cebolla y arroz, elaboramos un plato equilibrado y sabroso en formato de una raci\u00f3n.","og_url":"https:\/\/sandboox.assumptafontseca.cat\/es\/recetas\/del-mar\/calamares-con-cebolla-y-arroz\/","og_site_name":"Assumpta Fontseca","article_modified_time":"2022-02-18T08:38:38+00:00","og_image":[{"width":1000,"height":1000,"url":"https:\/\/sandboox.assumptafontseca.cat\/wp-content\/uploads\/2022\/02\/calamarcets-amb-ceba.jpg","type":"image\/jpeg"}],"twitter_card":"summary_large_image","twitter_misc":{"Tiempo de lectura":"1 minuto"},"schema":{"@context":"https:\/\/schema.org","@graph":[{"@type":"WebPage","@id":"https:\/\/sandboox.assumptafontseca.cat\/es\/recetas\/del-mar\/calamares-con-cebolla-y-arroz\/","url":"https:\/\/sandboox.assumptafontseca.cat\/es\/recetas\/del-mar\/calamares-con-cebolla-y-arroz\/","name":"Calamares con cebolla y arroz - Assumpta Fontseca","isPartOf":{"@id":"https:\/\/sandboox.assumptafontseca.cat\/#website"},"primaryImageOfPage":{"@id":"https:\/\/sandboox.assumptafontseca.cat\/es\/recetas\/del-mar\/calamares-con-cebolla-y-arroz\/#primaryimage"},"image":{"@id":"https:\/\/sandboox.assumptafontseca.cat\/es\/recetas\/del-mar\/calamares-con-cebolla-y-arroz\/#primaryimage"},"thumbnailUrl":"https:\/\/sandboox.assumptafontseca.cat\/wp-content\/uploads\/2022\/02\/calamarcets-amb-ceba.jpg","datePublished":"2022-02-02T07:18:08+00:00","dateModified":"2022-02-18T08:38:38+00:00","description":"Con los mejores calamares de la lonja, acompa\u00f1ados de cebolla y arroz, elaboramos un plato equilibrado y sabroso en formato de una raci\u00f3n.","breadcrumb":{"@id":"https:\/\/sandboox.assumptafontseca.cat\/es\/recetas\/del-mar\/calamares-con-cebolla-y-arroz\/#breadcrumb"},"inLanguage":"es","potentialAction":[{"@type":"ReadAction","target":["https:\/\/sandboox.assumptafontseca.cat\/es\/recetas\/del-mar\/calamares-con-cebolla-y-arroz\/"]}]},{"@type":"ImageObject","inLanguage":"es","@id":"https:\/\/sandboox.assumptafontseca.cat\/es\/recetas\/del-mar\/calamares-con-cebolla-y-arroz\/#primaryimage","url":"https:\/\/sandboox.assumptafontseca.cat\/wp-content\/uploads\/2022\/02\/calamarcets-amb-ceba.jpg","contentUrl":"https:\/\/sandboox.assumptafontseca.cat\/wp-content\/uploads\/2022\/02\/calamarcets-amb-ceba.jpg","width":1000,"height":1000,"caption":"Calamares con cebolla y arroz"},{"@type":"BreadcrumbList","@id":"https:\/\/sandboox.assumptafontseca.cat\/es\/recetas\/del-mar\/calamares-con-cebolla-y-arroz\/#breadcrumb","itemListElement":[{"@type":"ListItem","position":1,"name":"Portada","item":"https:\/\/sandboox.assumptafontseca.cat\/"},{"@type":"ListItem","position":2,"name":"Productos","item":"https:\/\/sandboox.assumptafontseca.cat\/tienda\/"},{"@type":"ListItem","position":3,"name":"Del mar","item":"https:\/\/sandboox.assumptafontseca.cat\/es\/platos-cocinados\/del-mar\/"},{"@type":"ListItem","position":4,"name":"Calamares con cebolla y arroz"}]},{"@type":"WebSite","@id":"https:\/\/sandboox.assumptafontseca.cat\/#website","url":"https:\/\/sandboox.assumptafontseca.cat\/","name":"Assumpta Fontseca","description":"La passi\u00f3 que compartim per la \u201cfeina ben feta\u201d, \u00e9s la millor garantia que cadascun dels nostres plats ser\u00e0 \u00fanic i especial.","potentialAction":[{"@type":"SearchAction","target":{"@type":"EntryPoint","urlTemplate":"https:\/\/sandboox.assumptafontseca.cat\/?s={search_term_string}"},"query-input":{"@type":"PropertyValueSpecification","valueRequired":true,"valueName":"search_term_string"}}],"inLanguage":"es"}]}},"_links":{"self":[{"href":"https:\/\/sandboox.assumptafontseca.cat\/es\/wp-json\/wp\/v2\/product\/1700","targetHints":{"allow":["GET"]}}],"collection":[{"href":"https:\/\/sandboox.assumptafontseca.cat\/es\/wp-json\/wp\/v2\/product"}],"about":[{"href":"https:\/\/sandboox.assumptafontseca.cat\/es\/wp-json\/wp\/v2\/types\/product"}],"replies":[{"embeddable":true,"href":"https:\/\/sandboox.assumptafontseca.cat\/es\/wp-json\/wp\/v2\/comments?post=1700"}],"version-history":[{"count":3,"href":"https:\/\/sandboox.assumptafontseca.cat\/es\/wp-json\/wp\/v2\/product\/1700\/revisions"}],"predecessor-version":[{"id":1706,"href":"https:\/\/sandboox.assumptafontseca.cat\/es\/wp-json\/wp\/v2\/product\/1700\/revisions\/1706"}],"wp:featuredmedia":[{"embeddable":true,"href":"https:\/\/sandboox.assumptafontseca.cat\/es\/wp-json\/wp\/v2\/media\/1210"}],"wp:attachment":[{"href":"https:\/\/sandboox.assumptafontseca.cat\/es\/wp-json\/wp\/v2\/media?parent=1700"}],"wp:term":[{"taxonomy":"product_brand","embeddable":true,"href":"https:\/\/sandboox.assumptafontseca.cat\/es\/wp-json\/wp\/v2\/product_brand?post=1700"},{"taxonomy":"product_cat","embeddable":true,"href":"https:\/\/sandboox.assumptafontseca.cat\/es\/wp-json\/wp\/v2\/product_cat?post=1700"},{"taxonomy":"product_tag","embeddable":true,"href":"https:\/\/sandboox.assumptafontseca.cat\/es\/wp-json\/wp\/v2\/product_tag?post=1700"}],"curies":[{"name":"wp","href":"https:\/\/api.w.org\/{rel}","templated":true}]}}